{"id":2258,"date":"2020-11-25T15:08:10","date_gmt":"2020-11-25T15:08:10","guid":{"rendered":"https:\/\/wessinger-kunst.de\/?page_id=2258"},"modified":"2022-01-12T08:24:24","modified_gmt":"2022-01-12T08:24:24","slug":"zen","status":"publish","type":"page","link":"https:\/\/wessinger-kunst.de\/index.php\/zen\/","title":{"rendered":"ZEN"},"content":{"rendered":"<p>[et_pb_section fb_built=&#8220;1&#8243; _builder_version=&#8220;4.0.2&#8243; background_color=&#8220;#002845&#8243; width=&#8220;90%&#8220; custom_padding=&#8220;||21px|||&#8220;][et_pb_row use_custom_gutter=&#8220;on&#8220; gutter_width=&#8220;2&#8243; _builder_version=&#8220;4.0.2&#8243; width=&#8220;100%&#8220; max_width_tablet=&#8220;&#8220; max_width_phone=&#8220;&#8220; max_width_last_edited=&#8220;on|desktop&#8220; module_alignment=&#8220;center&#8220; custom_margin=&#8220;|auto||-2px||&#8220; max_width__hover_enabled=&#8220;off|desktop&#8220;][et_pb_column type=&#8220;4_4&#8243; _builder_version=&#8220;3.29.2&#8243;][et_pb_blurb content_max_width=&#8220;1100px&#8220; content_max_width_tablet=&#8220;&#8220; content_max_width_phone=&#8220;1100px&#8220; content_max_width_last_edited=&#8220;on|desktop&#8220; _builder_version=&#8220;4.8.2&#8243; body_line_height=&#8220;1.1em&#8220; text_orientation=&#8220;justified&#8220; background_layout=&#8220;dark&#8220; custom_padding=&#8220;||0px|||&#8220;]<\/p>\n<p class=\"western\" style=\"line-height: 115%;\" align=\"left\">ZEN zu beschreiben ist schwierig, denn ZEN\u00a0 <span style=\"font-size: large;\" size=\"4\"><b>ist.<\/b><\/span><\/p>\n<p class=\"western\" style=\"line-height: 115%;\" align=\"left\">Es ist der Zeitpunkt im Jetzt, an dem ich mich momentan befinde und beinhaltet, die F\u00fclle des Lebens mit allen Sinnen wahrzunehmen.<\/p>\n<p>[\/et_pb_blurb][et_pb_gallery gallery_ids=&#8220;2246,2254&#8243; posts_number=&#8220;20&#8243; db_images_per_row=&#8220;2&#8243; db_image_max_height=&#8220;65px&#8220; db_image_row_spacing=&#8220;4px&#8220; db_image_center_titles=&#8220;center&#8220; db_image_object_fit=&#8220;contain&#8220; dbdb_version=&#8220;3.3.6&#8243; show_pagination=&#8220;off&#8220; zoom_icon_color=&#8220;rgba(0,0,0,0)&#8220; hover_overlay_color=&#8220;rgba(0,0,0,0)&#8220; _builder_version=&#8220;4.8.2&#8243; title_level=&#8220;h4&#8243; title_text_color=&#8220;#4f7272&#8243; title_font_size=&#8220;16px&#8220; caption_text_align=&#8220;center&#8220; caption_text_color=&#8220;#4f7272&#8243; transform_scale_linked=&#8220;off&#8220; transform_translate=&#8220;-45px|10px&#8220; transform_translate_linked=&#8220;off&#8220; positioning=&#8220;relative&#8220; text_orientation=&#8220;center&#8220; background_layout=&#8220;dark&#8220; width=&#8220;100%&#8220; module_alignment=&#8220;center&#8220;][\/et_pb_gallery][\/et_pb_column][\/et_pb_row][\/et_pb_section][et_pb_section fb_built=&#8220;1&#8243; _builder_version=&#8220;4.0.2&#8243; background_color=&#8220;#002845&#8243; width=&#8220;90%&#8220; min_height=&#8220;340.3px&#8220; custom_margin=&#8220;-24px||34px|||&#8220; custom_padding=&#8220;4px||22px|||&#8220;][et_pb_row use_custom_gutter=&#8220;on&#8220; gutter_width=&#8220;2&#8243; _builder_version=&#8220;4.0.2&#8243; width=&#8220;100%&#8220; max_width_tablet=&#8220;&#8220; max_width_phone=&#8220;&#8220; max_width_last_edited=&#8220;on|desktop&#8220; module_alignment=&#8220;center&#8220; custom_margin=&#8220;|auto||-2px||&#8220; max_width__hover_enabled=&#8220;off|desktop&#8220;][et_pb_column type=&#8220;4_4&#8243; _builder_version=&#8220;3.29.2&#8243;][et_pb_blurb content_max_width=&#8220;1100px&#8220; content_max_width_tablet=&#8220;&#8220; content_max_width_phone=&#8220;1100px&#8220; content_max_width_last_edited=&#8220;on|desktop&#8220; _builder_version=&#8220;4.8.2&#8243; body_line_height=&#8220;1.1em&#8220; text_orientation=&#8220;justified&#8220; background_layout=&#8220;dark&#8220; custom_padding=&#8220;||0px|||&#8220;]<\/p>\n<p class=\"western\" style=\"line-height: 115%; text-align: justify;\" align=\"left\">ZEN erlebt man dann, wenn man alle Anstrengungen aufgibt und sich im Jetzt wahrnimmt.<\/p>\n<p class=\"western\" style=\"line-height: 115%; text-align: justify;\" align=\"left\">Das Ziel ist es, die Flut der Gedanken, die man immer dann bemerkt, wenn man zur Ruhe kommt, ins Nichts laufen zu lassen; dadurch kann<\/p>\n<p class=\"western\" style=\"line-height: 115%; text-align: justify;\" align=\"left\">Stille und Leere erfahren werden, um das Einssein mit allem zu sp\u00fcren.<\/p>\n<p>[\/et_pb_blurb][et_pb_gallery gallery_ids=&#8220;2252,2244&#8243; posts_number=&#8220;20&#8243; db_images_per_row=&#8220;2&#8243; db_image_max_height=&#8220;65px&#8220; db_image_row_spacing=&#8220;4px&#8220; db_image_center_titles=&#8220;center&#8220; db_image_object_fit=&#8220;contain&#8220; dbdb_version=&#8220;3.3.6&#8243; show_pagination=&#8220;off&#8220; zoom_icon_color=&#8220;rgba(0,0,0,0)&#8220; hover_overlay_color=&#8220;rgba(0,0,0,0)&#8220; _builder_version=&#8220;4.8.2&#8243; title_level=&#8220;h4&#8243; title_text_color=&#8220;#4f7272&#8243; title_font_size=&#8220;16px&#8220; caption_text_align=&#8220;center&#8220; caption_text_color=&#8220;#4f7272&#8243; transform_scale_linked=&#8220;off&#8220; transform_translate=&#8220;-45px|10px&#8220; transform_translate_linked=&#8220;off&#8220; positioning=&#8220;relative&#8220; text_orientation=&#8220;center&#8220; background_layout=&#8220;dark&#8220; width=&#8220;100%&#8220; module_alignment=&#8220;left&#8220;][\/et_pb_gallery][\/et_pb_column][\/et_pb_row][\/et_pb_section][et_pb_section fb_built=&#8220;1&#8243; _builder_version=&#8220;4.8.2&#8243; background_color=&#8220;#002845&#8243; width=&#8220;90%&#8220; min_height=&#8220;392.3px&#8220; custom_margin=&#8220;-36px|||||&#8220; custom_padding=&#8220;2px||9px|||&#8220;][et_pb_row use_custom_gutter=&#8220;on&#8220; gutter_width=&#8220;2&#8243; _builder_version=&#8220;4.0.2&#8243; width=&#8220;100%&#8220; max_width_tablet=&#8220;&#8220; max_width_phone=&#8220;&#8220; max_width_last_edited=&#8220;on|desktop&#8220; module_alignment=&#8220;center&#8220; custom_margin=&#8220;|auto||-2px||&#8220; max_width__hover_enabled=&#8220;off|desktop&#8220;][et_pb_column type=&#8220;4_4&#8243; _builder_version=&#8220;3.29.2&#8243;][et_pb_blurb content_max_width=&#8220;1100px&#8220; content_max_width_tablet=&#8220;&#8220; content_max_width_phone=&#8220;1100px&#8220; content_max_width_last_edited=&#8220;on|desktop&#8220; _builder_version=&#8220;4.8.2&#8243; body_line_height=&#8220;1.1em&#8220; text_orientation=&#8220;justified&#8220; background_layout=&#8220;dark&#8220; custom_padding=&#8220;||0px|||&#8220;]<\/p>\n<p class=\"western\" style=\"line-height: 115%; text-align: justify;\" align=\"left\">ZEN entzieht sich jeglicher Logik, kann also nicht durch den Verstand kontrolliert werden.<\/p>\n<p class=\"western\" style=\"line-height: 115%; text-align: justify;\" align=\"left\">Wenn ich etwas tue, dann richtet sich mein ganzes Wesen auf dieses Tun ein, ohne dass andere Gedanken aufkommen. Hier ist im wahrsten<\/p>\n<p class=\"western\" style=\"line-height: 115%; text-align: justify;\" align=\"left\">Sinn des Wortes \u201eder Weg das Ziel\u201c.<\/p>\n<p>[\/et_pb_blurb][et_pb_gallery gallery_ids=&#8220;2255,2241&#8243; posts_number=&#8220;20&#8243; db_images_per_row=&#8220;2&#8243; db_image_max_height=&#8220;65px&#8220; db_image_row_spacing=&#8220;4px&#8220; db_image_center_titles=&#8220;center&#8220; db_image_object_fit=&#8220;contain&#8220; dbdb_version=&#8220;3.3.6&#8243; show_pagination=&#8220;off&#8220; zoom_icon_color=&#8220;rgba(0,0,0,0)&#8220; hover_overlay_color=&#8220;rgba(0,0,0,0)&#8220; _builder_version=&#8220;4.8.2&#8243; title_level=&#8220;h4&#8243; title_text_color=&#8220;#4f7272&#8243; title_font_size=&#8220;16px&#8220; caption_text_align=&#8220;center&#8220; caption_text_color=&#8220;#4f7272&#8243; transform_translate=&#8220;-45px|10px&#8220; transform_translate_linked=&#8220;off&#8220; positioning=&#8220;relative&#8220; text_orientation=&#8220;center&#8220; background_layout=&#8220;dark&#8220; width=&#8220;100%&#8220; module_alignment=&#8220;left&#8220;][\/et_pb_gallery][\/et_pb_column][\/et_pb_row][\/et_pb_section][et_pb_section fb_built=&#8220;1&#8243; _builder_version=&#8220;4.0.2&#8243; background_color=&#8220;#002845&#8243; width=&#8220;90%&#8220; min_height=&#8220;364.4px&#8220; custom_margin=&#8220;-28px|||||&#8220; custom_padding=&#8220;4px|||||&#8220;][et_pb_row use_custom_gutter=&#8220;on&#8220; gutter_width=&#8220;2&#8243; _builder_version=&#8220;4.0.2&#8243; width=&#8220;100%&#8220; max_width_tablet=&#8220;&#8220; max_width_phone=&#8220;&#8220; max_width_last_edited=&#8220;on|desktop&#8220; module_alignment=&#8220;center&#8220; custom_margin=&#8220;|auto||-2px||&#8220; max_width__hover_enabled=&#8220;off|desktop&#8220;][et_pb_column type=&#8220;4_4&#8243; _builder_version=&#8220;3.29.2&#8243;][et_pb_blurb content_max_width=&#8220;1100px&#8220; content_max_width_tablet=&#8220;&#8220; content_max_width_phone=&#8220;1100px&#8220; content_max_width_last_edited=&#8220;on|desktop&#8220; _builder_version=&#8220;4.5.1&#8243; body_line_height=&#8220;1.1em&#8220; text_orientation=&#8220;justified&#8220; background_layout=&#8220;dark&#8220; custom_padding=&#8220;||0px|||&#8220;]<\/p>\n<p class=\"western\" style=\"line-height: 115%; text-align: justify;\" align=\"left\">Es gibt vielf\u00e4ltige Methoden, sich durch \u00dcben der gedanklichen Leere zu n\u00e4hern.<\/p>\n<p>[\/et_pb_blurb][et_pb_gallery gallery_ids=&#8220;2251,2247&#8243; posts_number=&#8220;20&#8243; db_images_per_row=&#8220;2&#8243; db_image_max_height=&#8220;65px&#8220; db_image_row_spacing=&#8220;4px&#8220; db_image_center_titles=&#8220;center&#8220; db_image_object_fit=&#8220;contain&#8220; dbdb_version=&#8220;3.3.6&#8243; show_pagination=&#8220;off&#8220; zoom_icon_color=&#8220;rgba(0,0,0,0)&#8220; hover_overlay_color=&#8220;rgba(0,0,0,0)&#8220; _builder_version=&#8220;4.8.2&#8243; title_level=&#8220;h4&#8243; title_text_color=&#8220;#4f7272&#8243; title_font_size=&#8220;16px&#8220; caption_text_align=&#8220;center&#8220; caption_text_color=&#8220;#4f7272&#8243; transform_translate=&#8220;-45px|10px&#8220; transform_translate_linked=&#8220;off&#8220; positioning=&#8220;relative&#8220; text_orientation=&#8220;center&#8220; background_layout=&#8220;dark&#8220; width=&#8220;100%&#8220; module_alignment=&#8220;left&#8220;][\/et_pb_gallery][\/et_pb_column][\/et_pb_row][\/et_pb_section][et_pb_section fb_built=&#8220;1&#8243; _builder_version=&#8220;4.0.2&#8243; background_color=&#8220;#002845&#8243; width=&#8220;90%&#8220; custom_margin=&#8220;-48px|||||&#8220; custom_padding=&#8220;14px|||||&#8220;][et_pb_row use_custom_gutter=&#8220;on&#8220; gutter_width=&#8220;2&#8243; _builder_version=&#8220;4.0.2&#8243; width=&#8220;100%&#8220; max_width_tablet=&#8220;&#8220; max_width_phone=&#8220;&#8220; max_width_last_edited=&#8220;on|desktop&#8220; module_alignment=&#8220;center&#8220; custom_margin=&#8220;|auto||-2px||&#8220; max_width__hover_enabled=&#8220;off|desktop&#8220;][et_pb_column type=&#8220;4_4&#8243; _builder_version=&#8220;3.29.2&#8243;][et_pb_blurb content_max_width=&#8220;1100px&#8220; content_max_width_tablet=&#8220;&#8220; content_max_width_phone=&#8220;1100px&#8220; content_max_width_last_edited=&#8220;on|desktop&#8220; _builder_version=&#8220;4.8.2&#8243; body_line_height=&#8220;1.1em&#8220; text_orientation=&#8220;justified&#8220; background_layout=&#8220;dark&#8220; custom_padding=&#8220;||0px|||&#8220;]<\/p>\n<p class=\"western\" style=\"line-height: 115%; text-align: justify;\" align=\"left\">Aus meiner Sicht ist wichtig, das Ich-Sein tempor\u00e4r aufzugeben und die daraus frei werdenden Energie zu nutzen, um neue Erkenntnisse zu<\/p>\n<p class=\"western\" style=\"line-height: 115%; text-align: justify;\" align=\"left\">erlangen; nur so sind eigene positive Ver\u00e4nderungen m\u00f6glich.<\/p>\n<p>[\/et_pb_blurb][et_pb_gallery gallery_ids=&#8220;2257,2238&#8243; posts_number=&#8220;20&#8243; db_images_per_row=&#8220;2&#8243; db_image_max_height=&#8220;65px&#8220; db_image_row_spacing=&#8220;4px&#8220; db_image_center_titles=&#8220;center&#8220; db_image_object_fit=&#8220;contain&#8220; dbdb_version=&#8220;3.3.6&#8243; show_pagination=&#8220;off&#8220; zoom_icon_color=&#8220;rgba(0,0,0,0)&#8220; hover_overlay_color=&#8220;rgba(0,0,0,0)&#8220; _builder_version=&#8220;4.8.2&#8243; title_level=&#8220;h4&#8243; title_text_color=&#8220;#4f7272&#8243; title_font_size=&#8220;16px&#8220; caption_text_align=&#8220;center&#8220; caption_text_color=&#8220;#4f7272&#8243; transform_scale_linked=&#8220;off&#8220; transform_translate=&#8220;-45px|10px&#8220; transform_translate_linked=&#8220;off&#8220; positioning=&#8220;relative&#8220; text_orientation=&#8220;center&#8220; background_layout=&#8220;dark&#8220; width=&#8220;100%&#8220; module_alignment=&#8220;left&#8220; hover_enabled=&#8220;0&#8243; sticky_enabled=&#8220;0&#8243;][\/et_pb_gallery][\/et_pb_column][\/et_pb_row][\/et_pb_section][et_pb_section fb_built=&#8220;1&#8243; _builder_version=&#8220;4.0.2&#8243; background_color=&#8220;#002845&#8243; width=&#8220;90%&#8220; custom_margin=&#8220;-45px|||||&#8220; custom_padding=&#8220;13px|||||&#8220;][et_pb_row use_custom_gutter=&#8220;on&#8220; gutter_width=&#8220;2&#8243; _builder_version=&#8220;4.0.2&#8243; width=&#8220;100%&#8220; max_width_tablet=&#8220;&#8220; max_width_phone=&#8220;&#8220; max_width_last_edited=&#8220;on|desktop&#8220; module_alignment=&#8220;center&#8220; custom_margin=&#8220;|auto||-2px||&#8220; max_width__hover_enabled=&#8220;off|desktop&#8220;][et_pb_column type=&#8220;4_4&#8243; _builder_version=&#8220;3.29.2&#8243;][et_pb_blurb content_max_width=&#8220;1100px&#8220; content_max_width_tablet=&#8220;&#8220; content_max_width_phone=&#8220;1100px&#8220; content_max_width_last_edited=&#8220;on|desktop&#8220; _builder_version=&#8220;4.8.2&#8243; body_line_height=&#8220;1.1em&#8220; text_orientation=&#8220;justified&#8220; background_layout=&#8220;dark&#8220; custom_padding=&#8220;||0px|||&#8220;]<\/p>\n<p class=\"western\" style=\"line-height: 115%; text-align: justify;\" align=\"left\">Die Kunst im ZEN besteht darin, mit Leichtigkeit und Achtsamkeit seinen Lebensweg zu gehen und den Faden zu finden, mit dem man die<\/p>\n<p class=\"western\" style=\"line-height: 115%; text-align: justify;\" align=\"left\">geschehenen Augenblicke zu einer sinnvoll Kette verbinden kann. Erst dann folgt die Erkenntnis und das Finden des eigenen Mittelpunktes.<\/p>\n<p>[\/et_pb_blurb][et_pb_gallery gallery_ids=&#8220;2245,2253&#8243; posts_number=&#8220;20&#8243; db_images_per_row=&#8220;2&#8243; db_image_max_height=&#8220;65px&#8220; db_image_row_spacing=&#8220;4px&#8220; db_image_center_titles=&#8220;center&#8220; db_image_object_fit=&#8220;contain&#8220; dbdb_version=&#8220;3.3.6&#8243; show_pagination=&#8220;off&#8220; zoom_icon_color=&#8220;rgba(0,0,0,0)&#8220; hover_overlay_color=&#8220;rgba(0,0,0,0)&#8220; _builder_version=&#8220;4.8.2&#8243; title_level=&#8220;h4&#8243; title_text_color=&#8220;#4f7272&#8243; title_font_size=&#8220;16px&#8220; caption_text_align=&#8220;center&#8220; caption_text_color=&#8220;#4f7272&#8243; transform_translate=&#8220;-45px|10px&#8220; transform_translate_linked=&#8220;off&#8220; positioning=&#8220;relative&#8220; text_orientation=&#8220;center&#8220; background_layout=&#8220;dark&#8220; width=&#8220;100%&#8220; module_alignment=&#8220;left&#8220;][\/et_pb_gallery][\/et_pb_column][\/et_pb_row][\/et_pb_section]<\/p>\n","protected":false},"excerpt":{"rendered":"<p>ZEN zu beschreiben ist schwierig, denn ZEN\u00a0 ist. Es ist der Zeitpunkt im Jetzt, an dem ich mich momentan befinde und beinhaltet, die F\u00fclle des Lebens mit allen Sinnen wahrzunehmen.ZEN erlebt man dann, wenn man alle Anstrengungen aufgibt und sich im Jetzt wahrnimmt. Das Ziel ist es, die Flut der Gedanken, die man immer dann [&hellip;]<\/p>\n","protected":false},"author":2,"featured_media":0,"parent":0,"menu_order":0,"comment_status":"closed","ping_status":"closed","template":"","meta":{"_et_pb_use_builder":"on","_et_pb_old_content":"","_et_gb_content_width":"","footnotes":""},"class_list":["post-2258","page","type-page","status-publish","hentry"],"yoast_head":"<!-- This site is optimized with the Yoast SEO plugin v27.5 - https:\/\/yoast.com\/product\/yoast-seo-wordpress\/ -->\n<title>ZEN - Wessinger-Kunst<\/title>\n<meta name=\"robots\" content=\"index, follow, max-snippet:-1, max-image-preview:large, max-video-preview:-1\" \/>\n<link rel=\"canonical\" href=\"https:\/\/wessinger-kunst.de\/index.php\/zen\/\" \/>\n<meta property=\"og:locale\" content=\"de_DE\" \/>\n<meta property=\"og:type\" content=\"article\" \/>\n<meta property=\"og:title\" content=\"ZEN - Wessinger-Kunst\" \/>\n<meta property=\"og:description\" content=\"ZEN zu beschreiben ist schwierig, denn ZEN\u00a0 ist. Es ist der Zeitpunkt im Jetzt, an dem ich mich momentan befinde und beinhaltet, die F\u00fclle des Lebens mit allen Sinnen wahrzunehmen.ZEN erlebt man dann, wenn man alle Anstrengungen aufgibt und sich im Jetzt wahrnimmt. Das Ziel ist es, die Flut der Gedanken, die man immer dann [&hellip;]\" \/>\n<meta property=\"og:url\" content=\"https:\/\/wessinger-kunst.de\/index.php\/zen\/\" \/>\n<meta property=\"og:site_name\" content=\"Wessinger-Kunst\" \/>\n<meta property=\"article:modified_time\" content=\"2022-01-12T08:24:24+00:00\" \/>\n<meta name=\"twitter:card\" content=\"summary_large_image\" \/>\n<meta name=\"twitter:label1\" content=\"Gesch\u00e4tzte Lesezeit\" \/>\n\t<meta name=\"twitter:data1\" content=\"7\u00a0Minuten\" \/>\n<script type=\"application\/ld+json\" class=\"yoast-schema-graph\">{\"@context\":\"https:\\\/\\\/schema.org\",\"@graph\":[{\"@type\":\"WebPage\",\"@id\":\"https:\\\/\\\/wessinger-kunst.de\\\/index.php\\\/zen\\\/\",\"url\":\"https:\\\/\\\/wessinger-kunst.de\\\/index.php\\\/zen\\\/\",\"name\":\"ZEN - Wessinger-Kunst\",\"isPartOf\":{\"@id\":\"https:\\\/\\\/wessinger-kunst.de\\\/#website\"},\"datePublished\":\"2020-11-25T15:08:10+00:00\",\"dateModified\":\"2022-01-12T08:24:24+00:00\",\"breadcrumb\":{\"@id\":\"https:\\\/\\\/wessinger-kunst.de\\\/index.php\\\/zen\\\/#breadcrumb\"},\"inLanguage\":\"de\",\"potentialAction\":[{\"@type\":\"ReadAction\",\"target\":[\"https:\\\/\\\/wessinger-kunst.de\\\/index.php\\\/zen\\\/\"]}]},{\"@type\":\"BreadcrumbList\",\"@id\":\"https:\\\/\\\/wessinger-kunst.de\\\/index.php\\\/zen\\\/#breadcrumb\",\"itemListElement\":[{\"@type\":\"ListItem\",\"position\":1,\"name\":\"Startseite\",\"item\":\"https:\\\/\\\/wessinger-kunst.de\\\/\"},{\"@type\":\"ListItem\",\"position\":2,\"name\":\"ZEN\"}]},{\"@type\":\"WebSite\",\"@id\":\"https:\\\/\\\/wessinger-kunst.de\\\/#website\",\"url\":\"https:\\\/\\\/wessinger-kunst.de\\\/\",\"name\":\"Wessinger-Kunst\",\"description\":\"ich mache Kunst\",\"potentialAction\":[{\"@type\":\"SearchAction\",\"target\":{\"@type\":\"EntryPoint\",\"urlTemplate\":\"https:\\\/\\\/wessinger-kunst.de\\\/?s={search_term_string}\"},\"query-input\":{\"@type\":\"PropertyValueSpecification\",\"valueRequired\":true,\"valueName\":\"search_term_string\"}}],\"inLanguage\":\"de\"}]}<\/script>\n<!-- \/ Yoast SEO plugin. -->","yoast_head_json":{"title":"ZEN - Wessinger-Kunst","robots":{"index":"index","follow":"follow","max-snippet":"max-snippet:-1","max-image-preview":"max-image-preview:large","max-video-preview":"max-video-preview:-1"},"canonical":"https:\/\/wessinger-kunst.de\/index.php\/zen\/","og_locale":"de_DE","og_type":"article","og_title":"ZEN - Wessinger-Kunst","og_description":"ZEN zu beschreiben ist schwierig, denn ZEN\u00a0 ist. Es ist der Zeitpunkt im Jetzt, an dem ich mich momentan befinde und beinhaltet, die F\u00fclle des Lebens mit allen Sinnen wahrzunehmen.ZEN erlebt man dann, wenn man alle Anstrengungen aufgibt und sich im Jetzt wahrnimmt. Das Ziel ist es, die Flut der Gedanken, die man immer dann [&hellip;]","og_url":"https:\/\/wessinger-kunst.de\/index.php\/zen\/","og_site_name":"Wessinger-Kunst","article_modified_time":"2022-01-12T08:24:24+00:00","twitter_card":"summary_large_image","twitter_misc":{"Gesch\u00e4tzte Lesezeit":"7\u00a0Minuten"},"schema":{"@context":"https:\/\/schema.org","@graph":[{"@type":"WebPage","@id":"https:\/\/wessinger-kunst.de\/index.php\/zen\/","url":"https:\/\/wessinger-kunst.de\/index.php\/zen\/","name":"ZEN - Wessinger-Kunst","isPartOf":{"@id":"https:\/\/wessinger-kunst.de\/#website"},"datePublished":"2020-11-25T15:08:10+00:00","dateModified":"2022-01-12T08:24:24+00:00","breadcrumb":{"@id":"https:\/\/wessinger-kunst.de\/index.php\/zen\/#breadcrumb"},"inLanguage":"de","potentialAction":[{"@type":"ReadAction","target":["https:\/\/wessinger-kunst.de\/index.php\/zen\/"]}]},{"@type":"BreadcrumbList","@id":"https:\/\/wessinger-kunst.de\/index.php\/zen\/#breadcrumb","itemListElement":[{"@type":"ListItem","position":1,"name":"Startseite","item":"https:\/\/wessinger-kunst.de\/"},{"@type":"ListItem","position":2,"name":"ZEN"}]},{"@type":"WebSite","@id":"https:\/\/wessinger-kunst.de\/#website","url":"https:\/\/wessinger-kunst.de\/","name":"Wessinger-Kunst","description":"ich mache Kunst","potentialAction":[{"@type":"SearchAction","target":{"@type":"EntryPoint","urlTemplate":"https:\/\/wessinger-kunst.de\/?s={search_term_string}"},"query-input":{"@type":"PropertyValueSpecification","valueRequired":true,"valueName":"search_term_string"}}],"inLanguage":"de"}]}},"_links":{"self":[{"href":"https:\/\/wessinger-kunst.de\/index.php\/wp-json\/wp\/v2\/pages\/2258","targetHints":{"allow":["GET"]}}],"collection":[{"href":"https:\/\/wessinger-kunst.de\/index.php\/wp-json\/wp\/v2\/pages"}],"about":[{"href":"https:\/\/wessinger-kunst.de\/index.php\/wp-json\/wp\/v2\/types\/page"}],"author":[{"embeddable":true,"href":"https:\/\/wessinger-kunst.de\/index.php\/wp-json\/wp\/v2\/users\/2"}],"replies":[{"embeddable":true,"href":"https:\/\/wessinger-kunst.de\/index.php\/wp-json\/wp\/v2\/comments?post=2258"}],"version-history":[{"count":29,"href":"https:\/\/wessinger-kunst.de\/index.php\/wp-json\/wp\/v2\/pages\/2258\/revisions"}],"predecessor-version":[{"id":2624,"href":"https:\/\/wessinger-kunst.de\/index.php\/wp-json\/wp\/v2\/pages\/2258\/revisions\/2624"}],"wp:attachment":[{"href":"https:\/\/wessinger-kunst.de\/index.php\/wp-json\/wp\/v2\/media?parent=2258"}],"curies":[{"name":"wp","href":"https:\/\/api.w.org\/{rel}","templated":true}]}}