{"id":59,"date":"2019-09-14T14:17:53","date_gmt":"2019-09-14T14:17:53","guid":{"rendered":"https:\/\/wessinger-kunst.de\/?page_id=59"},"modified":"2022-12-19T07:48:34","modified_gmt":"2022-12-19T07:48:34","slug":"fotografie","status":"publish","type":"page","link":"https:\/\/wessinger-kunst.de\/index.php\/fotografie\/","title":{"rendered":"Fotografie"},"content":{"rendered":"<p>[et_pb_section fb_built=&#8220;1&#8243; _builder_version=&#8220;4.16&#8243; background_color=&#8220;#002845&#8243; width=&#8220;100%&#8220; max_width=&#8220;100%&#8220; global_colors_info=&#8220;{}&#8220;][et_pb_row use_custom_gutter=&#8220;on&#8220; gutter_width=&#8220;2&#8243; make_equal=&#8220;on&#8220; _builder_version=&#8220;4.16&#8243; width=&#8220;100%&#8220; max_width=&#8220;1069px&#8220; max_width_tablet=&#8220;&#8220; max_width_phone=&#8220;&#8220; max_width_last_edited=&#8220;on|desktop&#8220; module_alignment=&#8220;center&#8220; custom_margin=&#8220;|auto||-2px||&#8220; global_colors_info=&#8220;{}&#8220; max_width__hover_enabled=&#8220;off|desktop&#8220;][et_pb_column type=&#8220;4_4&#8243; _builder_version=&#8220;4.16&#8243; global_colors_info=&#8220;{}&#8220;][et_pb_blurb title=&#8220;Wie kam ich zur Fotografie?&#8220; content_max_width=&#8220;1100px&#8220; content_max_width_tablet=&#8220;&#8220; content_max_width_phone=&#8220;1100px&#8220; content_max_width_last_edited=&#8220;on|desktop&#8220; _builder_version=&#8220;4.16&#8243; body_line_height=&#8220;1.1em&#8220; text_orientation=&#8220;justified&#8220; background_layout=&#8220;dark&#8220; max_width=&#8220;100%&#8220; custom_padding=&#8220;||0px|||&#8220; global_colors_info=&#8220;{}&#8220;]<\/p>\n<div class=\"csc-textpic-text\">\n<p class=\"align-justify\">\n<p class=\"align-justify\">Mit 10 Jahren bekam ich meinen ersten Fotoapparat, eine Futura mit Objektiv Futar 1:3,5\/45 f\u00fcr 24&#215;36 mm Kleinbildfilm von<b> Futura<\/b> Kamerawerk in Freiburg, sp\u00e4ter noch von meinen Gro\u00dfeltern eine <b>AGFA &#8211; Anastigmat JGESTAR F:8.8<\/b> f\u00fcr 6&#215;9 cm\u00a0Rollfilm.<\/p>\n<p class=\"align-justify\">Die Futura hatte keinen Belichtungsmesser, ich konnte aber die Blende und die Verschlusszeit von Hand einstellen. Ein befreundeter Fotograf gab mir folgenden Satz mit auf den Weg: \u201eBei sch\u00f6nem Wetter 1\/125 und Blende 8 einstellen, bei schlechtem Wetter 1\/50,\u00a0Blende 5,6&#8243;. Nach und nach entwickelte ich mir auf diesem Grundsatz meine eigenen Blenden \u2013 Verschlusszeitentabelle, so dass ich zwischen Aufnahmen, die eine schnelle Verschlusszeit erforderten und Aufnahmen mit gro\u00dfem Tiefensch\u00e4rfenbereich wechseln konnte. Auch die Routine, die Belichtung zu sch\u00e4tzen, nahm zu und ich hatte dadurch die meisten Fotos richtig belichtet<\/p>\n<p class=\"align-justify\">Abgesehen vom technischen Verst\u00e4ndnis faszinierten mich schon immer \u00e4sthetische und aus meiner Sicht ausgefallene Fotografien. Nat\u00fcrlich auch Malerei und Skulpturen. Gef\u00f6rdert von meiner Mutter, die in den ersten Jahre mein Hobby finanzierte und mich auch mit einigen renommierten K\u00fcnstlern bekannt machte\u00a0wie Axel Hertenstein, Friedensreich Hundertwasser, Heinz Treiber, Ernst Fuchs, Volker M\u00fcrle und Raphael M\u00fcrle, wuchs in mir der Wunsch, sp\u00e4ter ein bekannter K\u00fcnstler zu werden.<\/p>\n<p class=\"align-justify\">\n<\/div>\n<p>[\/et_pb_blurb][et_pb_gallery gallery_ids=&#8220;1399,1400,1401,1402&#8243; db_images_per_row=&#8220;4&#8243; db_image_max_height=&#8220;65px&#8220; db_image_row_spacing=&#8220;4px&#8220; db_image_object_fit=&#8220;contain&#8220; dbdb_version=&#8220;3.9.9&#8243; show_pagination=&#8220;off&#8220; zoom_icon_color=&#8220;rgba(0,0,0,0)&#8220; hover_overlay_color=&#8220;rgba(0,0,0,0)&#8220; _builder_version=&#8220;4.16&#8243; title_level=&#8220;h5&#8243; title_text_color=&#8220;#4f7272&#8243; text_orientation=&#8220;center&#8220; background_layout=&#8220;dark&#8220; min_height=&#8220;167px&#8220; custom_margin=&#8220;1px||3px|||&#8220; custom_padding=&#8220;||0px|||&#8220; global_colors_info=&#8220;{}&#8220;][\/et_pb_gallery][et_pb_blurb content_max_width=&#8220;1100px&#8220; content_max_width_tablet=&#8220;&#8220; content_max_width_phone=&#8220;1100px&#8220; content_max_width_last_edited=&#8220;on|desktop&#8220; _builder_version=&#8220;4.16&#8243; body_line_height=&#8220;1.1em&#8220; text_orientation=&#8220;justified&#8220; background_layout=&#8220;dark&#8220; custom_margin=&#8220;-20px|||||&#8220; global_colors_info=&#8220;{}&#8220;]<\/p>\n<p>&nbsp;<\/p>\n<p>Mittlerweile sind mehr als vierzig Jahre vergangen. Die Kunst, speziell die Fotografie, zu der sp\u00e4ter noch die Malerei und Skulpturen hinzu gekommen sind, hat mich immer begleitet, war immer ein Ausgleich, ein Ventil, um den beruflichen und privaten Alltag zu verarbeiten. Besonders liebe ich es, neue Techniken und Verfahren zu kreieren, um f\u00fcr mich neue Ausdrucksm\u00f6glichkeiten zu finden und mich weiterentwickeln zu k\u00f6nnen. Nichts ist f\u00fcr mich schlimmer, als mich selbst zu kopieren. Deshalb bin ich st\u00e4ndig auf der Suche nach neuen Verfahren und Materialien. Auch meine Gedanken versuche ich immer wieder neu auszurichten, ausgetretene geistige Bahnen zu verlassen und mich auf das \u201eAbenteuer\u201c der Neufindung einzulassen.<\/p>\n<p>Ein sehr bekannter K\u00fcnstler bin ich bis jetzt noch nicht, da auf der einen Seite Schule, Zivildienst, Studium und Beruf mich viele Jahre gefordert haben, auf der anderen Seite auch das Leben selbst mit allen H\u00f6hen und Tiefen zu bew\u00e4ltigen war. Andererseits hatte ich einige Ausstellungen in verschiedenen St\u00e4dten, die\u00a0 in der Folge eine gute bis sehr gute Resonanz mit sich gebracht haben.<\/p>\n<p>&nbsp;<\/p>\n<p>[\/et_pb_blurb][et_pb_gallery gallery_ids=&#8220;1403,1404,1405,1406&#8243; db_images_per_row=&#8220;4&#8243; db_image_max_height=&#8220;65px&#8220; db_image_row_spacing=&#8220;4px&#8220; db_image_object_fit=&#8220;contain&#8220; dbdb_version=&#8220;3.9.9&#8243; show_pagination=&#8220;off&#8220; zoom_icon_color=&#8220;rgba(0,0,0,0)&#8220; hover_overlay_color=&#8220;rgba(0,0,0,0)&#8220; _builder_version=&#8220;4.16&#8243; title_level=&#8220;h5&#8243; title_text_color=&#8220;#4f7272&#8243; text_orientation=&#8220;center&#8220; background_layout=&#8220;dark&#8220; min_height=&#8220;202px&#8220; custom_margin=&#8220;||7px|||&#8220; custom_padding=&#8220;||0px|||&#8220; global_colors_info=&#8220;{}&#8220;][\/et_pb_gallery][et_pb_blurb content_max_width=&#8220;1100px&#8220; content_max_width_tablet=&#8220;&#8220; content_max_width_phone=&#8220;1100px&#8220; content_max_width_last_edited=&#8220;on|desktop&#8220; _builder_version=&#8220;4.16&#8243; body_line_height=&#8220;1.1em&#8220; text_orientation=&#8220;justified&#8220; background_layout=&#8220;dark&#8220; min_height=&#8220;99px&#8220; custom_margin=&#8220;||1px|||&#8220; custom_padding=&#8220;||0px|||&#8220; global_colors_info=&#8220;{}&#8220;]<\/p>\n<p>Alles, was ich bis heute erstellt, gezeichnet und fotografiert habe, habe ich mir als Autodidakt selbst beigebracht. Kurse zu besuchen war f\u00fcr mich nie eine Alternative, da ich der Meinung bin, dass jeder Mensch alle Anlagen in sich hat, die er braucht. Man sollte immer wieder in sich gehen, sich selbst und seine F\u00e4higkeiten kennen lernen, um die eigenen Ideen und Empfindungen zu sp\u00fcren und umzusetzen. Niemals m\u00f6chte ich eine Kopie von jemand anderem sein, ich bin stolz darauf, etwas Eigenes zu sein und einen eigenen Stil, eigene Richtungen zu finden und zu variieren.<\/p>\n<p>&nbsp;<\/p>\n<p>[\/et_pb_blurb][et_pb_gallery gallery_ids=&#8220;1407,1408,1409,1410&#8243; db_images_per_row=&#8220;4&#8243; db_image_row_spacing=&#8220;2px&#8220; db_image_center_titles=&#8220;center&#8220; db_image_object_fit=&#8220;contain&#8220; dbdb_version=&#8220;3.9.9&#8243; orientation=&#8220;portrait&#8220; show_pagination=&#8220;off&#8220; zoom_icon_color=&#8220;rgba(0,0,0,0)&#8220; hover_overlay_color=&#8220;rgba(0,0,0,0)&#8220; _builder_version=&#8220;4.16&#8243; title_level=&#8220;h4&#8243; title_text_align=&#8220;center&#8220; title_text_color=&#8220;#335555&#8243; title_font_size=&#8220;16px&#8220; width=&#8220;100%&#8220; custom_padding=&#8220;||0px|||&#8220; global_colors_info=&#8220;{}&#8220;][\/et_pb_gallery][et_pb_blurb content_max_width=&#8220;1100px&#8220; content_max_width_tablet=&#8220;&#8220; content_max_width_phone=&#8220;1100px&#8220; content_max_width_last_edited=&#8220;on|desktop&#8220; _builder_version=&#8220;4.16&#8243; body_line_height=&#8220;1.1em&#8220; text_orientation=&#8220;justified&#8220; background_layout=&#8220;dark&#8220; min_height=&#8220;134px&#8220; custom_margin=&#8220;||2px|||&#8220; custom_padding=&#8220;||0px|||&#8220; global_colors_info=&#8220;{}&#8220;]<\/p>\n<p>Wenn ich dagegen einen Kurs besuche, lerne ich andere Menschen kennen und kann mich austauschen, das ist positiv. Andererseits werde ich nat\u00fcrlich in eine bestimmte Richtung gedr\u00e4ngt, immer abh\u00e4ngig von der Person und den Erfahrung der jeweiligen Dozentin oder des jeweiligen Dozenten. Da ich unbeeinflusst bleiben wollte, blieb mir aus meiner Sicht nichts anderes \u00fcbrig, als mir alles selbst beizubringen. Das ist nat\u00fcrlich m\u00fchsamer, da ich immer wieder bei Null anfange, andererseits habe ich aber die gro\u00dfe Chance, jeweils meinen ureigenen Stil zu entwickeln, daraus zu lernen und nach einiger Zeit durch Weiterentwicklung, neuen Ideen und Variationen eine immer bessere Qualit\u00e4t zu erreichen und die Aussage meiner Werke zu verfeinern.<\/p>\n<p>&nbsp;<\/p>\n<p>[\/et_pb_blurb][et_pb_gallery gallery_ids=&#8220;1412,1413,1414,1415&#8243; db_images_per_row=&#8220;4&#8243; db_image_max_height=&#8220;65px&#8220; db_image_row_spacing=&#8220;4px&#8220; db_image_object_fit=&#8220;contain&#8220; dbdb_version=&#8220;3.9.9&#8243; show_pagination=&#8220;off&#8220; zoom_icon_color=&#8220;rgba(0,0,0,0)&#8220; hover_overlay_color=&#8220;rgba(0,0,0,0)&#8220; _builder_version=&#8220;4.16&#8243; title_level=&#8220;h5&#8243; title_text_color=&#8220;#4f7272&#8243; text_orientation=&#8220;center&#8220; background_layout=&#8220;dark&#8220; min_height=&#8220;202px&#8220; custom_margin=&#8220;-2px||7px|||&#8220; custom_padding=&#8220;||0px|||&#8220; global_colors_info=&#8220;{}&#8220;][\/et_pb_gallery][et_pb_blurb content_max_width=&#8220;1100px&#8220; content_max_width_tablet=&#8220;&#8220; content_max_width_phone=&#8220;1100px&#8220; content_max_width_last_edited=&#8220;on|desktop&#8220; _builder_version=&#8220;4.16&#8243; body_line_height=&#8220;1.1em&#8220; text_orientation=&#8220;justified&#8220; background_layout=&#8220;dark&#8220; custom_padding=&#8220;||21px|||&#8220; global_colors_info=&#8220;{}&#8220;]<\/p>\n<p>Das fing damit an, dass ich mit verschiedenen Lichtstimmungen arbeitete, ausprobierte, wie sich ein Objekt bei Sonnenlicht, bei bew\u00f6lktem Himmel, morgens, mittags und abends ver\u00e4nderte. Da die Futura ein starres Objektiv hatte, konnte ich nur mit verschiedenen Filtern experimentieren, mit Nahlinsen oder z.B. einem Strumpf oder Vaseline auf der Linse.<\/p>\n<p>Die ersten 20 Filme waren noch schwarz-wei\u00df, da ich mich aber immer zu Farben hingezogen f\u00fchlte, wechselte ich sehr schnell zu Farbfilmen, bei denen damals sowohl der Film als auch die Entwicklung der Fotos viel teurer waren. Nat\u00fcrlich bevorzugte ich die Filme mit 36 Aufnahmen, um meiner Kreativit\u00e4t freien Lauf zu lassen. Je nachdem, wie ich den Film einlegte, waren bis zu 40 Aufnahmen m\u00f6glich.<\/p>\n<p>[\/et_pb_blurb][et_pb_gallery gallery_ids=&#8220;62,63,64,65&#8243; db_images_per_row=&#8220;4&#8243; db_image_max_height=&#8220;65px&#8220; db_image_row_spacing=&#8220;4px&#8220; dbdb_version=&#8220;3.9.9&#8243; orientation=&#8220;portrait&#8220; show_pagination=&#8220;off&#8220; zoom_icon_color=&#8220;rgba(0,0,0,0)&#8220; hover_overlay_color=&#8220;rgba(0,0,0,0)&#8220; _builder_version=&#8220;4.16&#8243; title_level=&#8220;h5&#8243; title_text_align=&#8220;center&#8220; title_text_color=&#8220;#4f7272&#8243; global_colors_info=&#8220;{}&#8220;][\/et_pb_gallery][et_pb_gallery gallery_ids=&#8220;1416,1417,1418,1419&#8243; db_images_per_row=&#8220;4&#8243; db_image_max_height=&#8220;65px&#8220; db_image_row_spacing=&#8220;4px&#8220; db_image_object_fit=&#8220;contain&#8220; dbdb_version=&#8220;3.9.9&#8243; show_pagination=&#8220;off&#8220; zoom_icon_color=&#8220;rgba(0,0,0,0)&#8220; hover_overlay_color=&#8220;rgba(0,0,0,0)&#8220; _builder_version=&#8220;4.16&#8243; title_level=&#8220;h5&#8243; title_text_color=&#8220;#4f7272&#8243; text_orientation=&#8220;center&#8220; background_layout=&#8220;dark&#8220; min_height=&#8220;202px&#8220; custom_margin=&#8220;||7px|||&#8220; custom_padding=&#8220;||0px|||&#8220; global_colors_info=&#8220;{}&#8220;][\/et_pb_gallery][et_pb_blurb content_max_width=&#8220;1100px&#8220; content_max_width_tablet=&#8220;&#8220; content_max_width_phone=&#8220;1100px&#8220; content_max_width_last_edited=&#8220;on|desktop&#8220; _builder_version=&#8220;4.16&#8243; body_line_height=&#8220;1.1em&#8220; text_orientation=&#8220;justified&#8220; background_layout=&#8220;dark&#8220; custom_padding=&#8220;||31px|||&#8220; global_colors_info=&#8220;{}&#8220;]<\/p>\n<p>&nbsp;<\/p>\n<p>Anfang 20 leistete ich mir eine Spiegelreflexkamera, eine Canon A-1, mit Weitwinkel 24mm, Normalobjektiv 50mm und einem Telezoom 70mm \u2013 210mm mit Makrofunktion.<\/p>\n<p>Damit konnte ich jetzt viel kreativer umgehen, da ich die Grenzen des starren Objektivs \u00fcberwunden hatte.<\/p>\n<p>Sp\u00e4ter, Anfang 30, folgte eine <strong>Canon T90<\/strong>, zu der ich mir noch zus\u00e4tzlich ein 14-mm-Weitwinkelobjektiv zulegte.<\/p>\n<p>Seit 2004 fotografiere ich digital mit einer <strong>Panasonic Lumix DMC\u2013FZ30<\/strong>. Zu diesem Zeitpunkt war meiner Ansicht nach ein k\u00fcnstlerisch digitales Fotografieren m\u00f6glich, w\u00e4hrend ich vorher im Vergleich zur Qualit\u00e4t analoger Aufnahmen zu viele Kompromisse in Bezug auf Aufl\u00f6sung und Farbspektrum h\u00e4tte machen m\u00fcssen.<\/p>\n<p>[\/et_pb_blurb][et_pb_gallery gallery_ids=&#8220;1420,1421,1422,1473&#8243; db_images_per_row=&#8220;4&#8243; db_image_max_height=&#8220;65px&#8220; db_image_row_spacing=&#8220;4px&#8220; db_image_object_fit=&#8220;contain&#8220; dbdb_version=&#8220;3.9.9&#8243; show_pagination=&#8220;off&#8220; zoom_icon_color=&#8220;rgba(0,0,0,0)&#8220; hover_overlay_color=&#8220;rgba(0,0,0,0)&#8220; _builder_version=&#8220;4.16&#8243; title_level=&#8220;h5&#8243; title_text_color=&#8220;#4f7272&#8243; text_orientation=&#8220;center&#8220; background_layout=&#8220;dark&#8220; min_height=&#8220;202px&#8220; custom_margin=&#8220;||7px|||&#8220; custom_padding=&#8220;||0px|||&#8220; global_colors_info=&#8220;{}&#8220;][\/et_pb_gallery][et_pb_gallery gallery_ids=&#8220;62,63,64,65&#8243; db_images_per_row=&#8220;4&#8243; db_image_max_height=&#8220;65px&#8220; db_image_row_spacing=&#8220;4px&#8220; db_image_object_fit=&#8220;contain&#8220; dbdb_version=&#8220;3.9.9&#8243; orientation=&#8220;portrait&#8220; show_pagination=&#8220;off&#8220; zoom_icon_color=&#8220;rgba(0,0,0,0)&#8220; hover_overlay_color=&#8220;rgba(0,0,0,0)&#8220; _builder_version=&#8220;4.16&#8243; title_level=&#8220;h5&#8243; title_text_color=&#8220;#4f7272&#8243; text_orientation=&#8220;center&#8220; background_layout=&#8220;dark&#8220; global_colors_info=&#8220;{}&#8220;][\/et_pb_gallery][\/et_pb_column][\/et_pb_row][\/et_pb_section]<\/p>\n","protected":false},"excerpt":{"rendered":"<p>Mit 10 Jahren bekam ich meinen ersten Fotoapparat, eine Futura mit Objektiv Futar 1:3,5\/45 f\u00fcr 24&#215;36 mm Kleinbildfilm von Futura Kamerawerk in Freiburg, sp\u00e4ter noch von meinen Gro\u00dfeltern eine AGFA &#8211; Anastigmat JGESTAR F:8.8 f\u00fcr 6&#215;9 cm\u00a0Rollfilm. Die Futura hatte keinen Belichtungsmesser, ich konnte aber die Blende und die Verschlusszeit von Hand einstellen. Ein befreundeter [&hellip;]<\/p>\n","protected":false},"author":5,"featured_media":0,"parent":0,"menu_order":0,"comment_status":"closed","ping_status":"closed","template":"","meta":{"_et_pb_use_builder":"on","_et_pb_old_content":"","_et_gb_content_width":"","footnotes":""},"class_list":["post-59","page","type-page","status-publish","hentry"],"yoast_head":"<!-- This site is optimized with the Yoast SEO plugin v27.5 - https:\/\/yoast.com\/product\/yoast-seo-wordpress\/ -->\n<title>Fotografie - Wessinger-Kunst<\/title>\n<meta name=\"robots\" content=\"index, follow, max-snippet:-1, max-image-preview:large, max-video-preview:-1\" \/>\n<link rel=\"canonical\" href=\"https:\/\/wessinger-kunst.de\/index.php\/fotografie\/\" \/>\n<meta property=\"og:locale\" content=\"de_DE\" \/>\n<meta property=\"og:type\" content=\"article\" \/>\n<meta property=\"og:title\" content=\"Fotografie - Wessinger-Kunst\" \/>\n<meta property=\"og:description\" content=\"Mit 10 Jahren bekam ich meinen ersten Fotoapparat, eine Futura mit Objektiv Futar 1:3,5\/45 f\u00fcr 24x36 mm Kleinbildfilm von Futura Kamerawerk in Freiburg, sp\u00e4ter noch von meinen Gro\u00dfeltern eine AGFA - Anastigmat JGESTAR F:8.8 f\u00fcr 6x9 cm\u00a0Rollfilm. Die Futura hatte keinen Belichtungsmesser, ich konnte aber die Blende und die Verschlusszeit von Hand einstellen. Ein befreundeter [&hellip;]\" \/>\n<meta property=\"og:url\" content=\"https:\/\/wessinger-kunst.de\/index.php\/fotografie\/\" \/>\n<meta property=\"og:site_name\" content=\"Wessinger-Kunst\" \/>\n<meta property=\"article:modified_time\" content=\"2022-12-19T07:48:34+00:00\" \/>\n<meta name=\"twitter:card\" content=\"summary_large_image\" \/>\n<meta name=\"twitter:label1\" content=\"Gesch\u00e4tzte Lesezeit\" \/>\n\t<meta name=\"twitter:data1\" content=\"9\u00a0Minuten\" \/>\n<script type=\"application\/ld+json\" class=\"yoast-schema-graph\">{\"@context\":\"https:\\\/\\\/schema.org\",\"@graph\":[{\"@type\":\"WebPage\",\"@id\":\"https:\\\/\\\/wessinger-kunst.de\\\/index.php\\\/fotografie\\\/\",\"url\":\"https:\\\/\\\/wessinger-kunst.de\\\/index.php\\\/fotografie\\\/\",\"name\":\"Fotografie - Wessinger-Kunst\",\"isPartOf\":{\"@id\":\"https:\\\/\\\/wessinger-kunst.de\\\/#website\"},\"datePublished\":\"2019-09-14T14:17:53+00:00\",\"dateModified\":\"2022-12-19T07:48:34+00:00\",\"breadcrumb\":{\"@id\":\"https:\\\/\\\/wessinger-kunst.de\\\/index.php\\\/fotografie\\\/#breadcrumb\"},\"inLanguage\":\"de\",\"potentialAction\":[{\"@type\":\"ReadAction\",\"target\":[\"https:\\\/\\\/wessinger-kunst.de\\\/index.php\\\/fotografie\\\/\"]}]},{\"@type\":\"BreadcrumbList\",\"@id\":\"https:\\\/\\\/wessinger-kunst.de\\\/index.php\\\/fotografie\\\/#breadcrumb\",\"itemListElement\":[{\"@type\":\"ListItem\",\"position\":1,\"name\":\"Startseite\",\"item\":\"https:\\\/\\\/wessinger-kunst.de\\\/\"},{\"@type\":\"ListItem\",\"position\":2,\"name\":\"Fotografie\"}]},{\"@type\":\"WebSite\",\"@id\":\"https:\\\/\\\/wessinger-kunst.de\\\/#website\",\"url\":\"https:\\\/\\\/wessinger-kunst.de\\\/\",\"name\":\"Wessinger-Kunst\",\"description\":\"ich mache Kunst\",\"potentialAction\":[{\"@type\":\"SearchAction\",\"target\":{\"@type\":\"EntryPoint\",\"urlTemplate\":\"https:\\\/\\\/wessinger-kunst.de\\\/?s={search_term_string}\"},\"query-input\":{\"@type\":\"PropertyValueSpecification\",\"valueRequired\":true,\"valueName\":\"search_term_string\"}}],\"inLanguage\":\"de\"}]}<\/script>\n<!-- \/ Yoast SEO plugin. -->","yoast_head_json":{"title":"Fotografie - Wessinger-Kunst","robots":{"index":"index","follow":"follow","max-snippet":"max-snippet:-1","max-image-preview":"max-image-preview:large","max-video-preview":"max-video-preview:-1"},"canonical":"https:\/\/wessinger-kunst.de\/index.php\/fotografie\/","og_locale":"de_DE","og_type":"article","og_title":"Fotografie - Wessinger-Kunst","og_description":"Mit 10 Jahren bekam ich meinen ersten Fotoapparat, eine Futura mit Objektiv Futar 1:3,5\/45 f\u00fcr 24x36 mm Kleinbildfilm von Futura Kamerawerk in Freiburg, sp\u00e4ter noch von meinen Gro\u00dfeltern eine AGFA - Anastigmat JGESTAR F:8.8 f\u00fcr 6x9 cm\u00a0Rollfilm. Die Futura hatte keinen Belichtungsmesser, ich konnte aber die Blende und die Verschlusszeit von Hand einstellen. Ein befreundeter [&hellip;]","og_url":"https:\/\/wessinger-kunst.de\/index.php\/fotografie\/","og_site_name":"Wessinger-Kunst","article_modified_time":"2022-12-19T07:48:34+00:00","twitter_card":"summary_large_image","twitter_misc":{"Gesch\u00e4tzte Lesezeit":"9\u00a0Minuten"},"schema":{"@context":"https:\/\/schema.org","@graph":[{"@type":"WebPage","@id":"https:\/\/wessinger-kunst.de\/index.php\/fotografie\/","url":"https:\/\/wessinger-kunst.de\/index.php\/fotografie\/","name":"Fotografie - Wessinger-Kunst","isPartOf":{"@id":"https:\/\/wessinger-kunst.de\/#website"},"datePublished":"2019-09-14T14:17:53+00:00","dateModified":"2022-12-19T07:48:34+00:00","breadcrumb":{"@id":"https:\/\/wessinger-kunst.de\/index.php\/fotografie\/#breadcrumb"},"inLanguage":"de","potentialAction":[{"@type":"ReadAction","target":["https:\/\/wessinger-kunst.de\/index.php\/fotografie\/"]}]},{"@type":"BreadcrumbList","@id":"https:\/\/wessinger-kunst.de\/index.php\/fotografie\/#breadcrumb","itemListElement":[{"@type":"ListItem","position":1,"name":"Startseite","item":"https:\/\/wessinger-kunst.de\/"},{"@type":"ListItem","position":2,"name":"Fotografie"}]},{"@type":"WebSite","@id":"https:\/\/wessinger-kunst.de\/#website","url":"https:\/\/wessinger-kunst.de\/","name":"Wessinger-Kunst","description":"ich mache Kunst","potentialAction":[{"@type":"SearchAction","target":{"@type":"EntryPoint","urlTemplate":"https:\/\/wessinger-kunst.de\/?s={search_term_string}"},"query-input":{"@type":"PropertyValueSpecification","valueRequired":true,"valueName":"search_term_string"}}],"inLanguage":"de"}]}},"_links":{"self":[{"href":"https:\/\/wessinger-kunst.de\/index.php\/wp-json\/wp\/v2\/pages\/59","targetHints":{"allow":["GET"]}}],"collection":[{"href":"https:\/\/wessinger-kunst.de\/index.php\/wp-json\/wp\/v2\/pages"}],"about":[{"href":"https:\/\/wessinger-kunst.de\/index.php\/wp-json\/wp\/v2\/types\/page"}],"author":[{"embeddable":true,"href":"https:\/\/wessinger-kunst.de\/index.php\/wp-json\/wp\/v2\/users\/5"}],"replies":[{"embeddable":true,"href":"https:\/\/wessinger-kunst.de\/index.php\/wp-json\/wp\/v2\/comments?post=59"}],"version-history":[{"count":51,"href":"https:\/\/wessinger-kunst.de\/index.php\/wp-json\/wp\/v2\/pages\/59\/revisions"}],"predecessor-version":[{"id":2615,"href":"https:\/\/wessinger-kunst.de\/index.php\/wp-json\/wp\/v2\/pages\/59\/revisions\/2615"}],"wp:attachment":[{"href":"https:\/\/wessinger-kunst.de\/index.php\/wp-json\/wp\/v2\/media?parent=59"}],"curies":[{"name":"wp","href":"https:\/\/api.w.org\/{rel}","templated":true}]}}